{"id":2109,"date":"2022-01-17T17:18:39","date_gmt":"2022-01-17T16:18:39","guid":{"rendered":"https:\/\/www.euromi.com\/?post_type=product&#038;p=2109"},"modified":"2025-01-23T12:09:08","modified_gmt":"2025-01-23T11:09:08","slug":"chevillere-postoperatoire","status":"publish","type":"product","link":"https:\/\/www.euromi.com\/fr\/p\/chevillere-postoperatoire\/","title":{"rendered":"Chevill\u00e8re"},"content":{"rendered":"<p>La <strong>chevill\u00e8re<\/strong> est indiqu\u00e9e pour contenir l\u2019<strong>\u0153d\u00e8me post-op\u00e9ratoire<\/strong> apr\u00e8s une <strong>liposuccion des mollets et des chevilles.<\/strong><\/p>\n<p>Elle est r\u00e9alis\u00e9e dans un tissu compressif, dont le taux de compression est sp\u00e9cialement \u00e9tudi\u00e9, avec des coutures ext\u00e9rieures pour ne pas marquer votre peau.<\/p>\n<p>&nbsp;<\/p>\n<p>Si vos mesures ne correspondent pas \u00e0 celles figurant dans le guide des tailles ci-contre, merci de nous contacter.<\/p>\n<p><em>\u00a0<\/em><\/p>\n<p><em>Ne pas utiliser sur plaie ouverte, ni en cas de phl\u00e9bite.<\/em><\/p>\n","protected":false},"excerpt":{"rendered":"<p>La chevill\u00e8re est indiqu\u00e9e pour contenir l\u2019\u0153d\u00e8me post-op\u00e9ratoire apr\u00e8s une liposuccion des mollets et des chevilles. Elle est r\u00e9alis\u00e9e dans un tissu compressif, dont le taux de compression est sp\u00e9cialement \u00e9tudi\u00e9, avec des coutures ext\u00e9rieures pour ne pas marquer votre peau. &nbsp; Si vos mesures ne correspondent pas \u00e0 celles figurant dans le guide des [&hellip;]<\/p>\n","protected":false},"featured_media":2073,"template":"","meta":{"_et_pb_use_builder":"","_et_pb_old_content":"","_et_gb_content_width":"","spay_email":""},"product_cat":[43,49],"product_tag":[90,92],"yoast_head":"<!-- This site is optimized with the Yoast SEO plugin v18.2 - https:\/\/yoast.com\/wordpress\/plugins\/seo\/ -->\n<title>Chevill\u00e8re - chirurgie esth\u00e9tique - Euromi<\/title>\n<meta name=\"description\" content=\"La chevill\u00e8re est indiqu\u00e9e pour contenir l\u2019\u0153d\u00e8me post-op\u00e9ratoire apr\u00e8s une liposuccion des mollets et des chevilles.\" \/>\n<meta name=\"robots\" content=\"index, follow, max-snippet:-1, max-image-preview:large, max-video-preview:-1\" \/>\n<link rel=\"canonical\" href=\"https:\/\/www.euromi.com\/fr\/p\/chevillere-postoperatoire\/\" \/>\n<meta property=\"og:locale\" content=\"fr_FR\" \/>\n<meta property=\"og:type\" content=\"article\" \/>\n<meta property=\"og:title\" content=\"Chevill\u00e8re - chirurgie esth\u00e9tique - Euromi\" \/>\n<meta property=\"og:description\" content=\"La chevill\u00e8re est indiqu\u00e9e pour contenir l\u2019\u0153d\u00e8me post-op\u00e9ratoire apr\u00e8s une liposuccion des mollets et des chevilles.\" \/>\n<meta property=\"og:url\" content=\"https:\/\/www.euromi.com\/fr\/p\/chevillere-postoperatoire\/\" \/>\n<meta property=\"og:site_name\" content=\"Euromi\" \/>\n<meta property=\"article:modified_time\" content=\"2025-01-23T11:09:08+00:00\" \/>\n<meta property=\"og:image\" content=\"https:\/\/www.euromi.com\/wp-content\/uploads\/2022\/01\/Chevillere.jpg\" \/>\n\t<meta property=\"og:image:width\" content=\"980\" \/>\n\t<meta property=\"og:image:height\" content=\"1401\" \/>\n\t<meta property=\"og:image:type\" content=\"image\/jpeg\" \/>\n<meta name=\"twitter:card\" content=\"summary_large_image\" \/>\n<script type=\"application\/ld+json\" class=\"yoast-schema-graph\">{\"@context\":\"https:\/\/schema.org\",\"@graph\":[{\"@type\":\"Organization\",\"@id\":\"https:\/\/www.euromi.com\/fr\/#organization\",\"name\":\"Euromi\",\"url\":\"https:\/\/www.euromi.com\/fr\/\",\"sameAs\":[],\"logo\":{\"@type\":\"ImageObject\",\"@id\":\"https:\/\/www.euromi.com\/fr\/#logo\",\"inLanguage\":\"fr-FR\",\"url\":\"https:\/\/www.euromi.com\/wp-content\/uploads\/2021\/10\/cropped-favicon.jpg\",\"contentUrl\":\"https:\/\/www.euromi.com\/wp-content\/uploads\/2021\/10\/cropped-favicon.jpg\",\"width\":512,\"height\":512,\"caption\":\"Euromi\"},\"image\":{\"@id\":\"https:\/\/www.euromi.com\/fr\/#logo\"}},{\"@type\":\"WebSite\",\"@id\":\"https:\/\/www.euromi.com\/fr\/#website\",\"url\":\"https:\/\/www.euromi.com\/fr\/\",\"name\":\"Euromi\",\"description\":\"Fabricant de Mat\u00e9riel M\u00e9dical\",\"publisher\":{\"@id\":\"https:\/\/www.euromi.com\/fr\/#organization\"},\"potentialAction\":[{\"@type\":\"SearchAction\",\"target\":{\"@type\":\"EntryPoint\",\"urlTemplate\":\"https:\/\/www.euromi.com\/fr\/?s={search_term_string}\"},\"query-input\":\"required name=search_term_string\"}],\"inLanguage\":\"fr-FR\"},{\"@type\":\"ImageObject\",\"@id\":\"https:\/\/www.euromi.com\/fr\/p\/chevillere-postoperatoire\/#primaryimage\",\"inLanguage\":\"fr-FR\",\"url\":\"https:\/\/www.euromi.com\/wp-content\/uploads\/2022\/01\/Chevillere.jpg\",\"contentUrl\":\"https:\/\/www.euromi.com\/wp-content\/uploads\/2022\/01\/Chevillere.jpg\",\"width\":980,\"height\":1401},{\"@type\":\"WebPage\",\"@id\":\"https:\/\/www.euromi.com\/fr\/p\/chevillere-postoperatoire\/#webpage\",\"url\":\"https:\/\/www.euromi.com\/fr\/p\/chevillere-postoperatoire\/\",\"name\":\"Chevill\u00e8re - chirurgie esth\u00e9tique - Euromi\",\"isPartOf\":{\"@id\":\"https:\/\/www.euromi.com\/fr\/#website\"},\"primaryImageOfPage\":{\"@id\":\"https:\/\/www.euromi.com\/fr\/p\/chevillere-postoperatoire\/#primaryimage\"},\"datePublished\":\"2022-01-17T16:18:39+00:00\",\"dateModified\":\"2025-01-23T11:09:08+00:00\",\"description\":\"La chevill\u00e8re est indiqu\u00e9e pour contenir l\u2019\u0153d\u00e8me post-op\u00e9ratoire apr\u00e8s une liposuccion des mollets et des chevilles.\",\"breadcrumb\":{\"@id\":\"https:\/\/www.euromi.com\/fr\/p\/chevillere-postoperatoire\/#breadcrumb\"},\"inLanguage\":\"fr-FR\",\"potentialAction\":[{\"@type\":\"ReadAction\",\"target\":[\"https:\/\/www.euromi.com\/fr\/p\/chevillere-postoperatoire\/\"]}]},{\"@type\":\"BreadcrumbList\",\"@id\":\"https:\/\/www.euromi.com\/fr\/p\/chevillere-postoperatoire\/#breadcrumb\",\"itemListElement\":[{\"@type\":\"ListItem\",\"position\":1,\"name\":\"Accueil\",\"item\":\"https:\/\/www.euromi.com\/fr\/\"},{\"@type\":\"ListItem\",\"position\":2,\"name\":\"Boutique\",\"item\":\"https:\/\/www.euromi.com\/fr\/boutique\/\"},{\"@type\":\"ListItem\",\"position\":3,\"name\":\"V\u00eatements et pansements\",\"item\":\"https:\/\/www.euromi.com\/fr\/catp\/vetements-chirurgicaux-et-pansements\/\"},{\"@type\":\"ListItem\",\"position\":4,\"name\":\"V\u00eatements compressifs\",\"item\":\"https:\/\/www.euromi.com\/fr\/catp\/vetements-chirurgicaux-et-pansements\/vetements-compressifs\/\"},{\"@type\":\"ListItem\",\"position\":5,\"name\":\"Chirurgie esth\u00e9tique et plastique\",\"item\":\"https:\/\/www.euromi.com\/fr\/catp\/vetements-chirurgicaux-et-pansements\/vetements-compressifs\/vetement-chirurgie-esthetique-et-plastique\/\"},{\"@type\":\"ListItem\",\"position\":6,\"name\":\"Autres orth\u00e8ses\",\"item\":\"https:\/\/www.euromi.com\/fr\/catp\/vetements-chirurgicaux-et-pansements\/vetements-compressifs\/vetement-chirurgie-esthetique-et-plastique\/autres-ortheses\/\"},{\"@type\":\"ListItem\",\"position\":7,\"name\":\"Chevill\u00e8re\"}]}]}<\/script>\n<!-- \/ Yoast SEO plugin. -->","yoast_head_json":{"title":"Chevill\u00e8re - chirurgie esth\u00e9tique - Euromi","description":"La chevill\u00e8re est indiqu\u00e9e pour contenir l\u2019\u0153d\u00e8me post-op\u00e9ratoire apr\u00e8s une liposuccion des mollets et des chevilles.","robots":{"index":"index","follow":"follow","max-snippet":"max-snippet:-1","max-image-preview":"max-image-preview:large","max-video-preview":"max-video-preview:-1"},"canonical":"https:\/\/www.euromi.com\/fr\/p\/chevillere-postoperatoire\/","og_locale":"fr_FR","og_type":"article","og_title":"Chevill\u00e8re - chirurgie esth\u00e9tique - Euromi","og_description":"La chevill\u00e8re est indiqu\u00e9e pour contenir l\u2019\u0153d\u00e8me post-op\u00e9ratoire apr\u00e8s une liposuccion des mollets et des chevilles.","og_url":"https:\/\/www.euromi.com\/fr\/p\/chevillere-postoperatoire\/","og_site_name":"Euromi","article_modified_time":"2025-01-23T11:09:08+00:00","og_image":[{"width":980,"height":1401,"url":"https:\/\/www.euromi.com\/wp-content\/uploads\/2022\/01\/Chevillere.jpg","type":"image\/jpeg"}],"twitter_card":"summary_large_image","schema":{"@context":"https:\/\/schema.org","@graph":[{"@type":"Organization","@id":"https:\/\/www.euromi.com\/fr\/#organization","name":"Euromi","url":"https:\/\/www.euromi.com\/fr\/","sameAs":[],"logo":{"@type":"ImageObject","@id":"https:\/\/www.euromi.com\/fr\/#logo","inLanguage":"fr-FR","url":"https:\/\/www.euromi.com\/wp-content\/uploads\/2021\/10\/cropped-favicon.jpg","contentUrl":"https:\/\/www.euromi.com\/wp-content\/uploads\/2021\/10\/cropped-favicon.jpg","width":512,"height":512,"caption":"Euromi"},"image":{"@id":"https:\/\/www.euromi.com\/fr\/#logo"}},{"@type":"WebSite","@id":"https:\/\/www.euromi.com\/fr\/#website","url":"https:\/\/www.euromi.com\/fr\/","name":"Euromi","description":"Fabricant de Mat\u00e9riel M\u00e9dical","publisher":{"@id":"https:\/\/www.euromi.com\/fr\/#organization"},"potentialAction":[{"@type":"SearchAction","target":{"@type":"EntryPoint","urlTemplate":"https:\/\/www.euromi.com\/fr\/?s={search_term_string}"},"query-input":"required name=search_term_string"}],"inLanguage":"fr-FR"},{"@type":"ImageObject","@id":"https:\/\/www.euromi.com\/fr\/p\/chevillere-postoperatoire\/#primaryimage","inLanguage":"fr-FR","url":"https:\/\/www.euromi.com\/wp-content\/uploads\/2022\/01\/Chevillere.jpg","contentUrl":"https:\/\/www.euromi.com\/wp-content\/uploads\/2022\/01\/Chevillere.jpg","width":980,"height":1401},{"@type":"WebPage","@id":"https:\/\/www.euromi.com\/fr\/p\/chevillere-postoperatoire\/#webpage","url":"https:\/\/www.euromi.com\/fr\/p\/chevillere-postoperatoire\/","name":"Chevill\u00e8re - chirurgie esth\u00e9tique - Euromi","isPartOf":{"@id":"https:\/\/www.euromi.com\/fr\/#website"},"primaryImageOfPage":{"@id":"https:\/\/www.euromi.com\/fr\/p\/chevillere-postoperatoire\/#primaryimage"},"datePublished":"2022-01-17T16:18:39+00:00","dateModified":"2025-01-23T11:09:08+00:00","description":"La chevill\u00e8re est indiqu\u00e9e pour contenir l\u2019\u0153d\u00e8me post-op\u00e9ratoire apr\u00e8s une liposuccion des mollets et des chevilles.","breadcrumb":{"@id":"https:\/\/www.euromi.com\/fr\/p\/chevillere-postoperatoire\/#breadcrumb"},"inLanguage":"fr-FR","potentialAction":[{"@type":"ReadAction","target":["https:\/\/www.euromi.com\/fr\/p\/chevillere-postoperatoire\/"]}]},{"@type":"BreadcrumbList","@id":"https:\/\/www.euromi.com\/fr\/p\/chevillere-postoperatoire\/#breadcrumb","itemListElement":[{"@type":"ListItem","position":1,"name":"Accueil","item":"https:\/\/www.euromi.com\/fr\/"},{"@type":"ListItem","position":2,"name":"Boutique","item":"https:\/\/www.euromi.com\/fr\/boutique\/"},{"@type":"ListItem","position":3,"name":"V\u00eatements et pansements","item":"https:\/\/www.euromi.com\/fr\/catp\/vetements-chirurgicaux-et-pansements\/"},{"@type":"ListItem","position":4,"name":"V\u00eatements compressifs","item":"https:\/\/www.euromi.com\/fr\/catp\/vetements-chirurgicaux-et-pansements\/vetements-compressifs\/"},{"@type":"ListItem","position":5,"name":"Chirurgie esth\u00e9tique et plastique","item":"https:\/\/www.euromi.com\/fr\/catp\/vetements-chirurgicaux-et-pansements\/vetements-compressifs\/vetement-chirurgie-esthetique-et-plastique\/"},{"@type":"ListItem","position":6,"name":"Autres orth\u00e8ses","item":"https:\/\/www.euromi.com\/fr\/catp\/vetements-chirurgicaux-et-pansements\/vetements-compressifs\/vetement-chirurgie-esthetique-et-plastique\/autres-ortheses\/"},{"@type":"ListItem","position":7,"name":"Chevill\u00e8re"}]}]}},"jetpack-related-posts":[{"id":2065,"url":"https:\/\/www.euromi.com\/fr\/p\/brassiere-ouverte-esthetique\/","url_meta":{"origin":2109,"position":0},"title":"Brassi\u00e8re ouverte","date":"17 janvier 2022","format":false,"excerpt":"La brassi\u00e8re ouverte est le v\u00eatement compressif appropri\u00e9 dans le cas d'une pt\u00f4se cutan\u00e9e au niveau des bras ou d'une lipoaspiration de la face interne des bras. Cette brassi\u00e8re est r\u00e9alis\u00e9e dans un tissu compressif dont les coutures sont plac\u00e9es sur l\u2019ext\u00e9rieur pour ne pas marquer la peau. Elle se\u2026","rel":"","context":"Article similaire","img":{"alt_text":"","src":"https:\/\/i0.wp.com\/www.euromi.com\/wp-content\/uploads\/2022\/01\/Brassiere-ouverte.jpg?resize=350%2C200&ssl=1","width":350,"height":200},"classes":[]},{"id":2114,"url":"https:\/\/www.euromi.com\/fr\/p\/bolero-homme\/","url_meta":{"origin":2109,"position":1},"title":"Bol\u00e9ro homme","date":"17 janvier 2022","format":false,"excerpt":"Le bol\u00e9ro pour homme est indiqu\u00e9 dans le cas d\u2019une correction de gyn\u00e9comastie (consiste \u00e0 r\u00e9duire la taille et le gonflement de la glande mammaire). Ce bol\u00e9ro est r\u00e9alis\u00e9 dans un tissu compressif pour apporter le maintien et confort n\u00e9cessaire. Il se ferme par un triple agrafage sur le devant,\u2026","rel":"","context":"Article similaire","img":{"alt_text":"","src":"https:\/\/i0.wp.com\/www.euromi.com\/wp-content\/uploads\/2022\/01\/Bolero.jpg?resize=350%2C200&ssl=1","width":350,"height":200},"classes":[]},{"id":2127,"url":"https:\/\/www.euromi.com\/fr\/p\/brassiere-femme\/","url_meta":{"origin":2109,"position":2},"title":"Brassi\u00e8re femme","date":"18 janvier 2022","format":false,"excerpt":"La brassi\u00e8re femme est un v\u00eatement compressif indiqu\u00e9 pour maintenir vos bras apr\u00e8s un lifting, une liposuccion, une correction de pt\u00f4se\u2026 Un triple agrafage sur l\u2019avant et sur toute la hauteur permet ajustement et mise en place facilit\u00e9e. La pr\u00e9sence d\u2019une microfibre \u00e0 l\u2019int\u00e9rieur du coude (sur tissu Classique) et\u2026","rel":"","context":"Article similaire","img":{"alt_text":"","src":"https:\/\/i0.wp.com\/www.euromi.com\/wp-content\/uploads\/2022\/01\/Brassiere-femme.jpg?resize=350%2C200&ssl=1","width":350,"height":200},"classes":[]},{"id":2024,"url":"https:\/\/www.euromi.com\/fr\/p\/mentonniere-chirurgie-esthetique\/","url_meta":{"origin":2109,"position":3},"title":"Mentonni\u00e8re","date":"14 janvier 2022","format":false,"excerpt":"La mentonni\u00e8re est un v\u00eatement compressif utilis\u00e9 \u00e0 la suite d\u2019une liposuccion submentonale (double menton) afin de r\u00e9duire l\u2019\u0153d\u00e8me post-op\u00e9ratoire. La mise en place est facilit\u00e9e gr\u00e2ce \u00e0 de larges bandes auto-agrippantes. Celles-ci permettent notamment d\u2019adapter la contention. Les coutures ext\u00e9rieures ne marquent pas la peau et am\u00e9liorent le confort.\u2026","rel":"","context":"Article similaire","img":{"alt_text":"","src":"https:\/\/i0.wp.com\/www.euromi.com\/wp-content\/uploads\/2022\/01\/Visage-Mentonniere.jpg?resize=350%2C200&ssl=1","width":350,"height":200},"classes":[]},{"id":1913,"url":"https:\/\/www.euromi.com\/fr\/p\/panty-renfort-postoperatoire-euromi\/","url_meta":{"origin":2109,"position":4},"title":"Panty renfort","date":"14 janvier 2022","format":false,"excerpt":"Le panty renfort, dont le taux de compression a \u00e9t\u00e9 sp\u00e9cialement \u00e9tudi\u00e9, est indiqu\u00e9 pour la contention de l\u2019\u0153d\u00e8me post-op\u00e9ratoire suite \u00e0 une liposuccion. Il poss\u00e8de des renforts pour une compression optimale sur certaines zones. \u00a0 Nous proposons trois longueurs, au choix\u00a0: panty haut court (au-dessus du genou), panty haut\u2026","rel":"","context":"Article similaire","img":{"alt_text":"","src":"https:\/\/i0.wp.com\/www.euromi.com\/wp-content\/uploads\/2022\/01\/PANTYS-renfort-long.jpg?resize=350%2C200&ssl=1","width":350,"height":200},"classes":[]},{"id":2028,"url":"https:\/\/www.euromi.com\/fr\/p\/bandeau-oreilles\/","url_meta":{"origin":2109,"position":5},"title":"Bandeau oreilles","date":"14 janvier 2022","format":false,"excerpt":"Le bandeau oreilles est un v\u00eatement compressif qu\u2019il est recommand\u00e9 de porter apr\u00e8s un remodelage du pavillon de l\u2019oreille, aussi appel\u00e9 otoplastie. De larges bandes auto-agrippantes permettent une contention appropri\u00e9e \u00e0 votre morphologie. De plus, notre bandeau oreilles est enti\u00e8rement doubl\u00e9 afin de ne pas marquer la peau. \u00a0 Deux\u2026","rel":"","context":"Article similaire","img":{"alt_text":"","src":"https:\/\/i0.wp.com\/www.euromi.com\/wp-content\/uploads\/2022\/01\/Visage-Bandeau-oreilles.jpg?resize=350%2C200&ssl=1","width":350,"height":200},"classes":[]}],"_links":{"self":[{"href":"https:\/\/www.euromi.com\/fr\/wp-json\/wp\/v2\/product\/2109"}],"collection":[{"href":"https:\/\/www.euromi.com\/fr\/wp-json\/wp\/v2\/product"}],"about":[{"href":"https:\/\/www.euromi.com\/fr\/wp-json\/wp\/v2\/types\/product"}],"wp:featuredmedia":[{"embeddable":true,"href":"https:\/\/www.euromi.com\/fr\/wp-json\/wp\/v2\/media\/2073"}],"wp:attachment":[{"href":"https:\/\/www.euromi.com\/fr\/wp-json\/wp\/v2\/media?parent=2109"}],"wp:term":[{"taxonomy":"product_cat","embeddable":true,"href":"https:\/\/www.euromi.com\/fr\/wp-json\/wp\/v2\/product_cat?post=2109"},{"taxonomy":"product_tag","embeddable":true,"href":"https:\/\/www.euromi.com\/fr\/wp-json\/wp\/v2\/product_tag?post=2109"}],"curies":[{"name":"wp","href":"https:\/\/api.w.org\/{rel}","templated":true}]}}