{"id":2028,"date":"2022-01-14T14:30:33","date_gmt":"2022-01-14T13:30:33","guid":{"rendered":"https:\/\/www.euromi.com\/?post_type=product&#038;p=2028"},"modified":"2025-01-23T13:50:27","modified_gmt":"2025-01-23T12:50:27","slug":"bandeau-oreilles","status":"publish","type":"product","link":"https:\/\/www.euromi.com\/fr\/p\/bandeau-oreilles\/","title":{"rendered":"Bandeau oreilles"},"content":{"rendered":"<p>Le <strong>bandeau oreilles <\/strong>est un <strong>v\u00eatement compressif<\/strong> qu\u2019il est recommand\u00e9 de porter apr\u00e8s un <strong>remodelage du pavillon de l\u2019oreille<\/strong>, aussi appel\u00e9 <strong>otoplastie<\/strong>.<\/p>\n<p>De larges bandes auto-agrippantes permettent une contention appropri\u00e9e \u00e0 votre morphologie.<\/p>\n<p>De plus, notre bandeau oreilles est enti\u00e8rement doubl\u00e9 afin de ne pas marquer la peau.<\/p>\n<p>&nbsp;<\/p>\n<p>Deux mod\u00e8les existent en fonction de votre circonf\u00e9rence cr\u00e2nienne (\u00e0 partir de 56 cm, mod\u00e8le \u00ab\u00a0adulte\u00a0\u00bb, en-dessous mod\u00e8le \u00ab\u00a0enfant\u00a0\u00bb).<\/p>\n<p><em>\u00a0<\/em><\/p>\n<p><em>Ne pas utiliser sur plaie ouverte, ni en cas de phl\u00e9bite.<\/em><\/p>\n","protected":false},"excerpt":{"rendered":"<p>Le bandeau oreilles est un v\u00eatement compressif qu\u2019il est recommand\u00e9 de porter apr\u00e8s un remodelage du pavillon de l\u2019oreille, aussi appel\u00e9 otoplastie. De larges bandes auto-agrippantes permettent une contention appropri\u00e9e \u00e0 votre morphologie. De plus, notre bandeau oreilles est enti\u00e8rement doubl\u00e9 afin de ne pas marquer la peau. &nbsp; Deux mod\u00e8les existent en fonction de [&hellip;]<\/p>\n","protected":false},"featured_media":2004,"template":"","meta":{"_et_pb_use_builder":"","_et_pb_old_content":"","_et_gb_content_width":"","spay_email":""},"product_cat":[49,42],"product_tag":[90,92],"yoast_head":"<!-- This site is optimized with the Yoast SEO plugin v18.2 - https:\/\/yoast.com\/wordpress\/plugins\/seo\/ -->\n<title>Bandeau oreilles - chirurgie esth\u00e9tique - Euromi<\/title>\n<meta name=\"description\" content=\"Le bandeau oreilles est un v\u00eatement compressif qu\u2019il est recommand\u00e9 de porter apr\u00e8s un remodelage du pavillon de l\u2019oreille, aussi appel\u00e9 otoplastie (pour &quot;recoller les oreilles&quot;)\" \/>\n<meta name=\"robots\" content=\"index, follow, max-snippet:-1, max-image-preview:large, max-video-preview:-1\" \/>\n<link rel=\"canonical\" href=\"https:\/\/www.euromi.com\/fr\/p\/bandeau-oreilles\/\" \/>\n<meta property=\"og:locale\" content=\"fr_FR\" \/>\n<meta property=\"og:type\" content=\"article\" \/>\n<meta property=\"og:title\" content=\"Bandeau oreilles - chirurgie esth\u00e9tique - Euromi\" \/>\n<meta property=\"og:description\" content=\"Le bandeau oreilles est un v\u00eatement compressif qu\u2019il est recommand\u00e9 de porter apr\u00e8s un remodelage du pavillon de l\u2019oreille, aussi appel\u00e9 otoplastie (pour &quot;recoller les oreilles&quot;)\" \/>\n<meta property=\"og:url\" content=\"https:\/\/www.euromi.com\/fr\/p\/bandeau-oreilles\/\" \/>\n<meta property=\"og:site_name\" content=\"Euromi\" \/>\n<meta property=\"article:modified_time\" content=\"2025-01-23T12:50:27+00:00\" \/>\n<meta property=\"og:image\" content=\"https:\/\/www.euromi.com\/wp-content\/uploads\/2022\/01\/Visage-Bandeau-oreilles.jpg\" \/>\n\t<meta property=\"og:image:width\" content=\"980\" \/>\n\t<meta property=\"og:image:height\" content=\"1401\" \/>\n\t<meta property=\"og:image:type\" content=\"image\/jpeg\" \/>\n<meta name=\"twitter:card\" content=\"summary_large_image\" \/>\n<script type=\"application\/ld+json\" class=\"yoast-schema-graph\">{\"@context\":\"https:\/\/schema.org\",\"@graph\":[{\"@type\":\"Organization\",\"@id\":\"https:\/\/www.euromi.com\/fr\/#organization\",\"name\":\"Euromi\",\"url\":\"https:\/\/www.euromi.com\/fr\/\",\"sameAs\":[],\"logo\":{\"@type\":\"ImageObject\",\"@id\":\"https:\/\/www.euromi.com\/fr\/#logo\",\"inLanguage\":\"fr-FR\",\"url\":\"https:\/\/www.euromi.com\/wp-content\/uploads\/2021\/10\/cropped-favicon.jpg\",\"contentUrl\":\"https:\/\/www.euromi.com\/wp-content\/uploads\/2021\/10\/cropped-favicon.jpg\",\"width\":512,\"height\":512,\"caption\":\"Euromi\"},\"image\":{\"@id\":\"https:\/\/www.euromi.com\/fr\/#logo\"}},{\"@type\":\"WebSite\",\"@id\":\"https:\/\/www.euromi.com\/fr\/#website\",\"url\":\"https:\/\/www.euromi.com\/fr\/\",\"name\":\"Euromi\",\"description\":\"Fabricant de Mat\u00e9riel M\u00e9dical\",\"publisher\":{\"@id\":\"https:\/\/www.euromi.com\/fr\/#organization\"},\"potentialAction\":[{\"@type\":\"SearchAction\",\"target\":{\"@type\":\"EntryPoint\",\"urlTemplate\":\"https:\/\/www.euromi.com\/fr\/?s={search_term_string}\"},\"query-input\":\"required name=search_term_string\"}],\"inLanguage\":\"fr-FR\"},{\"@type\":\"ImageObject\",\"@id\":\"https:\/\/www.euromi.com\/fr\/p\/bandeau-oreilles\/#primaryimage\",\"inLanguage\":\"fr-FR\",\"url\":\"https:\/\/www.euromi.com\/wp-content\/uploads\/2022\/01\/Visage-Bandeau-oreilles.jpg\",\"contentUrl\":\"https:\/\/www.euromi.com\/wp-content\/uploads\/2022\/01\/Visage-Bandeau-oreilles.jpg\",\"width\":980,\"height\":1401},{\"@type\":\"WebPage\",\"@id\":\"https:\/\/www.euromi.com\/fr\/p\/bandeau-oreilles\/#webpage\",\"url\":\"https:\/\/www.euromi.com\/fr\/p\/bandeau-oreilles\/\",\"name\":\"Bandeau oreilles - chirurgie esth\u00e9tique - Euromi\",\"isPartOf\":{\"@id\":\"https:\/\/www.euromi.com\/fr\/#website\"},\"primaryImageOfPage\":{\"@id\":\"https:\/\/www.euromi.com\/fr\/p\/bandeau-oreilles\/#primaryimage\"},\"datePublished\":\"2022-01-14T13:30:33+00:00\",\"dateModified\":\"2025-01-23T12:50:27+00:00\",\"description\":\"Le bandeau oreilles est un v\u00eatement compressif qu\u2019il est recommand\u00e9 de porter apr\u00e8s un remodelage du pavillon de l\u2019oreille, aussi appel\u00e9 otoplastie (pour \\\"recoller les oreilles\\\")\",\"breadcrumb\":{\"@id\":\"https:\/\/www.euromi.com\/fr\/p\/bandeau-oreilles\/#breadcrumb\"},\"inLanguage\":\"fr-FR\",\"potentialAction\":[{\"@type\":\"ReadAction\",\"target\":[\"https:\/\/www.euromi.com\/fr\/p\/bandeau-oreilles\/\"]}]},{\"@type\":\"BreadcrumbList\",\"@id\":\"https:\/\/www.euromi.com\/fr\/p\/bandeau-oreilles\/#breadcrumb\",\"itemListElement\":[{\"@type\":\"ListItem\",\"position\":1,\"name\":\"Accueil\",\"item\":\"https:\/\/www.euromi.com\/fr\/\"},{\"@type\":\"ListItem\",\"position\":2,\"name\":\"Boutique\",\"item\":\"https:\/\/www.euromi.com\/fr\/boutique\/\"},{\"@type\":\"ListItem\",\"position\":3,\"name\":\"V\u00eatements et pansements\",\"item\":\"https:\/\/www.euromi.com\/fr\/catp\/vetements-chirurgicaux-et-pansements\/\"},{\"@type\":\"ListItem\",\"position\":4,\"name\":\"V\u00eatements compressifs\",\"item\":\"https:\/\/www.euromi.com\/fr\/catp\/vetements-chirurgicaux-et-pansements\/vetements-compressifs\/\"},{\"@type\":\"ListItem\",\"position\":5,\"name\":\"Chirurgie esth\u00e9tique et plastique\",\"item\":\"https:\/\/www.euromi.com\/fr\/catp\/vetements-chirurgicaux-et-pansements\/vetements-compressifs\/vetement-chirurgie-esthetique-et-plastique\/\"},{\"@type\":\"ListItem\",\"position\":6,\"name\":\"Orth\u00e8ses visage\",\"item\":\"https:\/\/www.euromi.com\/fr\/catp\/vetements-chirurgicaux-et-pansements\/vetements-compressifs\/vetement-chirurgie-esthetique-et-plastique\/ortheses-visage\/\"},{\"@type\":\"ListItem\",\"position\":7,\"name\":\"Bandeau oreilles\"}]}]}<\/script>\n<!-- \/ Yoast SEO plugin. -->","yoast_head_json":{"title":"Bandeau oreilles - chirurgie esth\u00e9tique - Euromi","description":"Le bandeau oreilles est un v\u00eatement compressif qu\u2019il est recommand\u00e9 de porter apr\u00e8s un remodelage du pavillon de l\u2019oreille, aussi appel\u00e9 otoplastie (pour \"recoller les oreilles\")","robots":{"index":"index","follow":"follow","max-snippet":"max-snippet:-1","max-image-preview":"max-image-preview:large","max-video-preview":"max-video-preview:-1"},"canonical":"https:\/\/www.euromi.com\/fr\/p\/bandeau-oreilles\/","og_locale":"fr_FR","og_type":"article","og_title":"Bandeau oreilles - chirurgie esth\u00e9tique - Euromi","og_description":"Le bandeau oreilles est un v\u00eatement compressif qu\u2019il est recommand\u00e9 de porter apr\u00e8s un remodelage du pavillon de l\u2019oreille, aussi appel\u00e9 otoplastie (pour \"recoller les oreilles\")","og_url":"https:\/\/www.euromi.com\/fr\/p\/bandeau-oreilles\/","og_site_name":"Euromi","article_modified_time":"2025-01-23T12:50:27+00:00","og_image":[{"width":980,"height":1401,"url":"https:\/\/www.euromi.com\/wp-content\/uploads\/2022\/01\/Visage-Bandeau-oreilles.jpg","type":"image\/jpeg"}],"twitter_card":"summary_large_image","schema":{"@context":"https:\/\/schema.org","@graph":[{"@type":"Organization","@id":"https:\/\/www.euromi.com\/fr\/#organization","name":"Euromi","url":"https:\/\/www.euromi.com\/fr\/","sameAs":[],"logo":{"@type":"ImageObject","@id":"https:\/\/www.euromi.com\/fr\/#logo","inLanguage":"fr-FR","url":"https:\/\/www.euromi.com\/wp-content\/uploads\/2021\/10\/cropped-favicon.jpg","contentUrl":"https:\/\/www.euromi.com\/wp-content\/uploads\/2021\/10\/cropped-favicon.jpg","width":512,"height":512,"caption":"Euromi"},"image":{"@id":"https:\/\/www.euromi.com\/fr\/#logo"}},{"@type":"WebSite","@id":"https:\/\/www.euromi.com\/fr\/#website","url":"https:\/\/www.euromi.com\/fr\/","name":"Euromi","description":"Fabricant de Mat\u00e9riel M\u00e9dical","publisher":{"@id":"https:\/\/www.euromi.com\/fr\/#organization"},"potentialAction":[{"@type":"SearchAction","target":{"@type":"EntryPoint","urlTemplate":"https:\/\/www.euromi.com\/fr\/?s={search_term_string}"},"query-input":"required name=search_term_string"}],"inLanguage":"fr-FR"},{"@type":"ImageObject","@id":"https:\/\/www.euromi.com\/fr\/p\/bandeau-oreilles\/#primaryimage","inLanguage":"fr-FR","url":"https:\/\/www.euromi.com\/wp-content\/uploads\/2022\/01\/Visage-Bandeau-oreilles.jpg","contentUrl":"https:\/\/www.euromi.com\/wp-content\/uploads\/2022\/01\/Visage-Bandeau-oreilles.jpg","width":980,"height":1401},{"@type":"WebPage","@id":"https:\/\/www.euromi.com\/fr\/p\/bandeau-oreilles\/#webpage","url":"https:\/\/www.euromi.com\/fr\/p\/bandeau-oreilles\/","name":"Bandeau oreilles - chirurgie esth\u00e9tique - Euromi","isPartOf":{"@id":"https:\/\/www.euromi.com\/fr\/#website"},"primaryImageOfPage":{"@id":"https:\/\/www.euromi.com\/fr\/p\/bandeau-oreilles\/#primaryimage"},"datePublished":"2022-01-14T13:30:33+00:00","dateModified":"2025-01-23T12:50:27+00:00","description":"Le bandeau oreilles est un v\u00eatement compressif qu\u2019il est recommand\u00e9 de porter apr\u00e8s un remodelage du pavillon de l\u2019oreille, aussi appel\u00e9 otoplastie (pour \"recoller les oreilles\")","breadcrumb":{"@id":"https:\/\/www.euromi.com\/fr\/p\/bandeau-oreilles\/#breadcrumb"},"inLanguage":"fr-FR","potentialAction":[{"@type":"ReadAction","target":["https:\/\/www.euromi.com\/fr\/p\/bandeau-oreilles\/"]}]},{"@type":"BreadcrumbList","@id":"https:\/\/www.euromi.com\/fr\/p\/bandeau-oreilles\/#breadcrumb","itemListElement":[{"@type":"ListItem","position":1,"name":"Accueil","item":"https:\/\/www.euromi.com\/fr\/"},{"@type":"ListItem","position":2,"name":"Boutique","item":"https:\/\/www.euromi.com\/fr\/boutique\/"},{"@type":"ListItem","position":3,"name":"V\u00eatements et pansements","item":"https:\/\/www.euromi.com\/fr\/catp\/vetements-chirurgicaux-et-pansements\/"},{"@type":"ListItem","position":4,"name":"V\u00eatements compressifs","item":"https:\/\/www.euromi.com\/fr\/catp\/vetements-chirurgicaux-et-pansements\/vetements-compressifs\/"},{"@type":"ListItem","position":5,"name":"Chirurgie esth\u00e9tique et plastique","item":"https:\/\/www.euromi.com\/fr\/catp\/vetements-chirurgicaux-et-pansements\/vetements-compressifs\/vetement-chirurgie-esthetique-et-plastique\/"},{"@type":"ListItem","position":6,"name":"Orth\u00e8ses visage","item":"https:\/\/www.euromi.com\/fr\/catp\/vetements-chirurgicaux-et-pansements\/vetements-compressifs\/vetement-chirurgie-esthetique-et-plastique\/ortheses-visage\/"},{"@type":"ListItem","position":7,"name":"Bandeau oreilles"}]}]}},"jetpack-related-posts":[{"id":2002,"url":"https:\/\/www.euromi.com\/fr\/p\/facelift-pour-chirurgie-esthetique\/","url_meta":{"origin":2028,"position":0},"title":"Facelift","date":"14 janvier 2022","format":false,"excerpt":"Le facelift est un v\u00eatement compressif destin\u00e9 \u00e0 contenir l\u2019\u0153d\u00e8me post-op\u00e9ratoire dans le cadre d\u2019une chirurgie du visage, d\u2019un lifting facial. De larges bandes auto-agrippantes permettent une mise en place sur l\u2019arri\u00e8re de la t\u00eate, mais aussi d\u2019adapter la contention \u00e0 votre morphologie. Le tissu du facelift est ind\u00e9maillable et\u2026","rel":"","context":"Article similaire","img":{"alt_text":"","src":"https:\/\/i0.wp.com\/www.euromi.com\/wp-content\/uploads\/2022\/01\/Visage-Facelift.2.jpg?resize=350%2C200&ssl=1","width":350,"height":200},"classes":[]},{"id":1867,"url":"https:\/\/www.euromi.com\/fr\/p\/panty-pieds-postoperatoire\/","url_meta":{"origin":2028,"position":1},"title":"Panty pieds","date":"13 janvier 2022","format":false,"excerpt":"Le panty pieds, haut ou bas, est prescrit apr\u00e8s une liposuccion des chevilles, mollets, genoux, cuisses, du bassin, des hanches et du ventre (bas-ventre pour le mod\u00e8le bas). Le panty permet de r\u00e9duire l\u2019\u0153d\u00e8me qui survient apr\u00e8s l\u2019intervention, d\u2019offrir le maintien n\u00e9cessaire, ainsi que d\u2019emp\u00eacher \u00e0 la peau d\u2019onduler. Le\u2026","rel":"","context":"Article similaire","img":{"alt_text":"Panty haut pied ouvert","src":"https:\/\/i0.wp.com\/www.euromi.com\/wp-content\/uploads\/2022\/01\/Panty-haud-pied-ouvert.png?resize=350%2C200&ssl=1","width":350,"height":200},"classes":[]},{"id":1999,"url":"https:\/\/www.euromi.com\/fr\/p\/ceinture-basse-esthetique-avec-ouverture-centrale-2\/","url_meta":{"origin":2028,"position":2},"title":"Ceinture basse avec ouverture lat\u00e9rale","date":"14 janvier 2022","format":false,"excerpt":"La ceinture basse avec ouverture lat\u00e9rale permet de r\u00e9duire l\u2019\u0153d\u00e8me post-op\u00e9ratoire suite \u00e0 une liposuccion du bas-ventre et des hanches. La contention est r\u00e9gul\u00e9e et continue gr\u00e2ce \u00e0 son triple agrafage lat\u00e9ral sur toute la hauteur de la ceinture. \u00a0 Elle est propos\u00e9e en mod\u00e8le femme et en mod\u00e8le homme\u2026","rel":"","context":"Article similaire","img":{"alt_text":"","src":"https:\/\/i0.wp.com\/www.euromi.com\/wp-content\/uploads\/2022\/01\/CEINTURE-basse-ouv-laterale.femme_.jpg?resize=350%2C200&ssl=1","width":350,"height":200},"classes":[]},{"id":1692,"url":"https:\/\/www.euromi.com\/fr\/p\/ceinture-haute-esthetique-ouverture-laterale\/","url_meta":{"origin":2028,"position":3},"title":"Ceinture haute avec ouverture lat\u00e9rale","date":"11 janvier 2022","format":false,"excerpt":"La ceinture haute avec ouverture lat\u00e9rale est prescrite suite \u00e0 une liposuccion du ventre et des hanches pour offrir le maintien appropri\u00e9. Son triple agrafage lat\u00e9ral sur toute la hauteur de la ceinture, et de chaque c\u00f4t\u00e9, permet une mise en place facilit\u00e9e et un ajustement pr\u00e9cis. \u00a0 Elle est\u2026","rel":"","context":"Article similaire","img":{"alt_text":"Ceinture haute","src":"https:\/\/i0.wp.com\/www.euromi.com\/wp-content\/uploads\/2022\/01\/CEINTURE-haute-ouv-laterale.femme_.jpg?resize=350%2C200&ssl=1","width":350,"height":200},"classes":[]},{"id":2024,"url":"https:\/\/www.euromi.com\/fr\/p\/mentonniere-chirurgie-esthetique\/","url_meta":{"origin":2028,"position":4},"title":"Mentonni\u00e8re","date":"14 janvier 2022","format":false,"excerpt":"La mentonni\u00e8re est un v\u00eatement compressif utilis\u00e9 \u00e0 la suite d\u2019une liposuccion submentonale (double menton) afin de r\u00e9duire l\u2019\u0153d\u00e8me post-op\u00e9ratoire. La mise en place est facilit\u00e9e gr\u00e2ce \u00e0 de larges bandes auto-agrippantes. Celles-ci permettent notamment d\u2019adapter la contention. Les coutures ext\u00e9rieures ne marquent pas la peau et am\u00e9liorent le confort.\u2026","rel":"","context":"Article similaire","img":{"alt_text":"","src":"https:\/\/i0.wp.com\/www.euromi.com\/wp-content\/uploads\/2022\/01\/Visage-Mentonniere.jpg?resize=350%2C200&ssl=1","width":350,"height":200},"classes":[]},{"id":1939,"url":"https:\/\/www.euromi.com\/fr\/p\/ceinture-haute-esthetique-avec-ouverture-centrale\/","url_meta":{"origin":2028,"position":5},"title":"Ceinture haute avec ouverture centrale","date":"14 janvier 2022","format":false,"excerpt":"La ceinture haute avec ouverture centrale sera port\u00e9e apr\u00e8s une liposuccion des hanches et du ventre. Elle offre une contention sp\u00e9cialement adapt\u00e9e et r\u00e9partie de mani\u00e8re uniforme pour r\u00e9duire l\u2019\u0153d\u00e8me post-op\u00e9ratoire. Elle se positionne et s\u2019ajuste facilement gr\u00e2ce \u00e0 un triple agrafage central sur toute la hauteur. \u00a0 Elle est\u2026","rel":"","context":"Article similaire","img":{"alt_text":"","src":"https:\/\/i0.wp.com\/www.euromi.com\/wp-content\/uploads\/2022\/01\/CEINTURE-haute-ouv-centrale.femme_.jpg?resize=350%2C200&ssl=1","width":350,"height":200},"classes":[]}],"_links":{"self":[{"href":"https:\/\/www.euromi.com\/fr\/wp-json\/wp\/v2\/product\/2028"}],"collection":[{"href":"https:\/\/www.euromi.com\/fr\/wp-json\/wp\/v2\/product"}],"about":[{"href":"https:\/\/www.euromi.com\/fr\/wp-json\/wp\/v2\/types\/product"}],"wp:featuredmedia":[{"embeddable":true,"href":"https:\/\/www.euromi.com\/fr\/wp-json\/wp\/v2\/media\/2004"}],"wp:attachment":[{"href":"https:\/\/www.euromi.com\/fr\/wp-json\/wp\/v2\/media?parent=2028"}],"wp:term":[{"taxonomy":"product_cat","embeddable":true,"href":"https:\/\/www.euromi.com\/fr\/wp-json\/wp\/v2\/product_cat?post=2028"},{"taxonomy":"product_tag","embeddable":true,"href":"https:\/\/www.euromi.com\/fr\/wp-json\/wp\/v2\/product_tag?post=2028"}],"curies":[{"name":"wp","href":"https:\/\/api.w.org\/{rel}","templated":true}]}}